{"id":221,"date":"2026-07-17T14:15:02","date_gmt":"2026-07-17T18:15:02","guid":{"rendered":"https:\/\/redeteias.ufms.br\/?page_id=221"},"modified":"2026-08-12T08:17:44","modified_gmt":"2026-08-12T12:17:44","slug":"biodiversidade-e-transicoes-socioecologicas","status":"publish","type":"page","link":"https:\/\/redeteias.ufms.br\/en\/temas\/biodiversidade-e-transicoes-socioecologicas\/","title":{"rendered":"(Portugu\u00eas do Brasil) Biodiversidade e Transi\u00e7\u00f5es Socioecol\u00f3gicas"},"content":{"rendered":"\t\t<div data-elementor-type=\"wp-page\" data-elementor-id=\"221\" class=\"elementor elementor-221\">\n\t\t\t\t<div class=\"elementor-element elementor-element-33f42580 e-con-full e-flex e-con e-parent\" data-id=\"33f42580\" data-element_type=\"container\">\n\t\t\t\t<div class=\"elementor-element elementor-element-13fd9d1 elementor-widget-divider--view-line elementor-widget elementor-widget-divider\" data-id=\"13fd9d1\" data-element_type=\"widget\" data-widget_type=\"divider.default\">\n\t\t\t\t<div class=\"elementor-widget-container\">\n\t\t\t\t\t\t\t<div class=\"elementor-divider\">\n\t\t\t<span class=\"elementor-divider-separator\">\n\t\t\t\t\t\t<\/span>\n\t\t<\/div>\n\t\t\t\t\t\t<\/div>\n\t\t\t\t<\/div>\n\t\t\t\t<div class=\"elementor-element elementor-element-46ee97ae elementor-widget elementor-widget-text-editor\" data-id=\"46ee97ae\" data-element_type=\"widget\" data-widget_type=\"text-editor.default\">\n\t\t\t\t<div class=\"elementor-widget-container\">\n\t\t\t\t\t\t\t\t\t<p>O Brasil re\u00fane uma das maiores diversidades biol\u00f3gicas e socioculturais do planeta. Seus diferentes biomas, como Amaz\u00f4nia, Cerrado, Pantanal, Caatinga e Mata Atl\u00e2ntica, sustentam servi\u00e7os ecossist\u00eamicos essenciais para a qualidade da \u00e1gua, a regula\u00e7\u00e3o do clima, a produ\u00e7\u00e3o de alimentos, a sa\u00fade e o bem-estar das popula\u00e7\u00f5es.<\/p><p>Ao mesmo tempo, esses territ\u00f3rios enfrentam press\u00f5es relacionadas ao desmatamento, \u00e0s mudan\u00e7as no uso da terra, aos inc\u00eandios, \u00e0 perda de habitats e \u00e0s desigualdades sociais. O tema busca compreender essas transforma\u00e7\u00f5es de maneira integrada, relacionando biodiversidade, sociedade, economia, pol\u00edticas p\u00fablicas e conhecimentos tradicionais.<\/p><p>A proposta valoriza a produ\u00e7\u00e3o conjunta de conhecimentos entre universidades, comunidades, gestores p\u00fablicos, organiza\u00e7\u00f5es sociais e setor produtivo, contribuindo para a conserva\u00e7\u00e3o da biodiversidade, a restaura\u00e7\u00e3o dos ecossistemas e a constru\u00e7\u00e3o de modelos sustent\u00e1veis de desenvolvimento.<\/p>\t\t\t\t\t\t\t\t<\/div>\n\t\t\t\t<\/div>\n\t\t\t\t<div class=\"elementor-element elementor-element-130cf66 elementor-widget elementor-widget-heading\" data-id=\"130cf66\" data-element_type=\"widget\" data-widget_type=\"heading.default\">\n\t\t\t\t<div class=\"elementor-widget-container\">\n\t\t\t\t\t<h3 class=\"elementor-heading-title elementor-size-default\">Objetivo<\/h3>\t\t\t\t<\/div>\n\t\t\t\t<\/div>\n\t\t\t\t<div class=\"elementor-element elementor-element-4a60b77 elementor-widget elementor-widget-text-editor\" data-id=\"4a60b77\" data-element_type=\"widget\" data-widget_type=\"text-editor.default\">\n\t\t\t\t<div class=\"elementor-widget-container\">\n\t\t\t\t\t\t\t\t\t<p>Fortalecer a pesquisa, a forma\u00e7\u00e3o acad\u00eamica e a coopera\u00e7\u00e3o institucional para desenvolver solu\u00e7\u00f5es voltadas \u00e0 conserva\u00e7\u00e3o da biodiversidade, \u00e0 restaura\u00e7\u00e3o ecol\u00f3gica, ao uso sustent\u00e1vel dos recursos naturais e \u00e0 governan\u00e7a socioambiental.<\/p><p>Busca-se tamb\u00e9m formar profissionais e lideran\u00e7as cient\u00edficas capazes de compreender as rela\u00e7\u00f5es entre os biomas e de transformar resultados cient\u00edficos em pol\u00edticas p\u00fablicas e solu\u00e7\u00f5es aplic\u00e1veis aos territ\u00f3rios.<\/p>\t\t\t\t\t\t\t\t<\/div>\n\t\t\t\t<\/div>\n\t\t\t\t<div class=\"elementor-element elementor-element-61a1035 elementor-widget elementor-widget-heading\" data-id=\"61a1035\" data-element_type=\"widget\" data-widget_type=\"heading.default\">\n\t\t\t\t<div class=\"elementor-widget-container\">\n\t\t\t\t\t<h3 class=\"elementor-heading-title elementor-size-default\">\u00c1reas comtempladas<\/h3>\t\t\t\t<\/div>\n\t\t\t\t<\/div>\n\t\t\t\t<div class=\"elementor-element elementor-element-1fea076 elementor-widget elementor-widget-text-editor\" data-id=\"1fea076\" data-element_type=\"widget\" data-widget_type=\"text-editor.default\">\n\t\t\t\t<div class=\"elementor-widget-container\">\n\t\t\t\t\t\t\t\t\t<p>Ecologia e conserva\u00e7\u00e3o;<br \/>Biodiversidade;<br \/>Biologia animal e vegetal;<br \/>Zoologia;<br \/>Ci\u00eancias veterin\u00e1rias;<br \/>Ci\u00eancia animal e recursos pesqueiros;<br \/>Ci\u00eancia do solo;<br \/>Restaura\u00e7\u00e3o ecol\u00f3gica;<br \/>Desenvolvimento e meio ambiente;<br \/>Sustentabilidade e bioeconomia;<br \/>Intelig\u00eancia artificial e an\u00e1lise de dados ambientais;<br \/>Inova\u00e7\u00e3o e transfer\u00eancia de tecnologia;<br \/>Governan\u00e7a e pol\u00edticas socioambientais.<\/p>\t\t\t\t\t\t\t\t<\/div>\n\t\t\t\t<\/div>\n\t\t\t\t<div class=\"elementor-element elementor-element-f7bfeed elementor-widget elementor-widget-heading\" data-id=\"f7bfeed\" data-element_type=\"widget\" data-widget_type=\"heading.default\">\n\t\t\t\t<div class=\"elementor-widget-container\">\n\t\t\t\t\t<h3 class=\"elementor-heading-title elementor-size-default\">Internacionaliza\u00e7\u00e3o<\/h3>\t\t\t\t<\/div>\n\t\t\t\t<\/div>\n\t\t\t\t<div class=\"elementor-element elementor-element-09051de elementor-widget elementor-widget-text-editor\" data-id=\"09051de\" data-element_type=\"widget\" data-widget_type=\"text-editor.default\">\n\t\t\t\t<div class=\"elementor-widget-container\">\n\t\t\t\t\t\t\t\t\t<p>A internacionaliza\u00e7\u00e3o permitir\u00e1 conectar pesquisas realizadas nos biomas brasileiros \u00e0s grandes agendas globais de biodiversidade e sustentabilidade. O tema prev\u00ea mobilidade de estudantes, docentes e pesquisadores, participa\u00e7\u00e3o de professores visitantes, miss\u00f5es cient\u00edficas, coorienta\u00e7\u00f5es, pesquisas colaborativas e produ\u00e7\u00e3o cient\u00edfica conjunta.<\/p><p>A coopera\u00e7\u00e3o internacional tamb\u00e9m facilitar\u00e1 o compartilhamento de metodologias, bases de dados e tecnologias para monitoramento da biodiversidade, al\u00e9m de fortalecer redes de excel\u00eancia em ecologia, conserva\u00e7\u00e3o e sustentabilidade. As parcerias dever\u00e3o aproximar experi\u00eancias do Brasil, de outros pa\u00edses do Sul Global e de centros internacionais de refer\u00eancia.<\/p>\t\t\t\t\t\t\t\t<\/div>\n\t\t\t\t<\/div>\n\t\t\t\t<\/div>\n\t\t\t\t<\/div>\n\t\t","protected":false},"excerpt":{"rendered":"<p>O Brasil re\u00fane uma das maiores diversidades biol\u00f3gicas e socioculturais do planeta. Seus diferentes biomas, como Amaz\u00f4nia, Cerrado, Pantanal, Caatinga e Mata Atl\u00e2ntica, sustentam servi\u00e7os<\/p>\n","protected":false},"author":58884,"featured_media":0,"parent":179,"menu_order":0,"comment_status":"closed","ping_status":"closed","template":"","meta":{"footnotes":""},"coauthors":[7],"class_list":["post-221","page","type-page","status-publish","hentry"],"_links":{"self":[{"href":"https:\/\/redeteias.ufms.br\/en\/wp-json\/wp\/v2\/pages\/221","targetHints":{"allow":["GET"]}}],"collection":[{"href":"https:\/\/redeteias.ufms.br\/en\/wp-json\/wp\/v2\/pages"}],"about":[{"href":"https:\/\/redeteias.ufms.br\/en\/wp-json\/wp\/v2\/types\/page"}],"author":[{"embeddable":true,"href":"https:\/\/redeteias.ufms.br\/en\/wp-json\/wp\/v2\/users\/58884"}],"replies":[{"embeddable":true,"href":"https:\/\/redeteias.ufms.br\/en\/wp-json\/wp\/v2\/comments?post=221"}],"version-history":[{"count":6,"href":"https:\/\/redeteias.ufms.br\/en\/wp-json\/wp\/v2\/pages\/221\/revisions"}],"predecessor-version":[{"id":422,"href":"https:\/\/redeteias.ufms.br\/en\/wp-json\/wp\/v2\/pages\/221\/revisions\/422"}],"up":[{"embeddable":true,"href":"https:\/\/redeteias.ufms.br\/en\/wp-json\/wp\/v2\/pages\/179"}],"wp:attachment":[{"href":"https:\/\/redeteias.ufms.br\/en\/wp-json\/wp\/v2\/media?parent=221"}],"wp:term":[{"taxonomy":"author","embeddable":true,"href":"https:\/\/redeteias.ufms.br\/en\/wp-json\/wp\/v2\/coauthors?post=221"}],"curies":[{"name":"wp","href":"https:\/\/api.w.org\/{rel}","templated":true}]}}