{"id":6,"date":"2026-06-25T14:12:38","date_gmt":"2026-06-25T17:12:38","guid":{"rendered":"https:\/\/redeteias.draconis.ufms.br\/?page_id=6"},"modified":"2026-08-12T08:17:44","modified_gmt":"2026-08-12T12:17:44","slug":"pagina-inicial","status":"publish","type":"page","link":"https:\/\/redeteias.ufms.br\/en\/","title":{"rendered":"(Portugu\u00eas do Brasil) P\u00e1gina Inicial"},"content":{"rendered":"\t\t<div data-elementor-type=\"wp-page\" data-elementor-id=\"6\" class=\"elementor elementor-6\">\n\t\t\t\t<div class=\"elementor-element elementor-element-985e213 e-flex e-con-boxed e-con e-parent\" data-id=\"985e213\" data-element_type=\"container\">\n\t\t\t\t\t<div class=\"e-con-inner\">\n\t\t\t\t<div class=\"elementor-element elementor-element-e90fbd0 elementor-widget elementor-widget-shortcode\" data-id=\"e90fbd0\" data-element_type=\"widget\" data-widget_type=\"shortcode.default\">\n\t\t\t\t<div class=\"elementor-widget-container\">\n\t\t\t\t\t\t\t<div class=\"elementor-shortcode\"><!-- HFCM by 99 Robots - Snippet # 7: Estrutura home -->\n<div id=\"teias-home-v3\">\r\n  <section class=\"th-hero\" aria-labelledby=\"teias-hero-title\">\r\n\r\n    <img decoding=\"async\"\r\n      class=\"th-hero-watermark\"\r\n      src=\"https:\/\/redeteias.ufms.br\/files\/2026\/07\/simbolo-teias-sem-fundo.png\"\r\n      alt=\"\"\r\n      aria-hidden=\"true\"\r\n    >\r\n\r\n    <div class=\"th-wrap th-hero-inner\">\r\n\r\n      <div\r\n        class=\"th-hero-support\"\r\n        aria-label=\"Realiza\u00e7\u00e3o e apoio institucional\"\r\n      >\r\n\r\n        <span class=\"th-hero-support-label\">\r\n          Realiza\u00e7\u00e3o e apoio\r\n        <\/span>\r\n\r\n        <div class=\"th-hero-support-logos\">\r\n\r\n          <a\r\n            href=\"https:\/\/www.ufms.br\/\"\r\n            target=\"_blank\"\r\n            rel=\"noopener noreferrer\"\r\n            aria-label=\"Site da UFMS\"\r\n          >\r\n            <img decoding=\"async\"\r\n              src=\"https:\/\/redeteias.ufms.br\/files\/2026\/08\/logo-ufms-branca.png\"\r\n              alt=\"UFMS \u2014 Universidade Federal de Mato Grosso do Sul\"\r\n            >\r\n          <\/a>\r\n\r\n          <a\r\n            href=\"https:\/\/www.gov.br\/capes\/pt-br\/acesso-a-informacao\/acoes-e-programas\/bolsas\/bolsas-e-auxilios-internacionais\/encontre-aqui\/paises\/multinacional\/programa-capes-global.edu\"\r\n            target=\"_blank\"\r\n            rel=\"noopener noreferrer\"\r\n            aria-label=\"Site do Programa CAPES Global.edu\"\r\n          >\r\n            <img decoding=\"async\"\r\n              src=\"https:\/\/redeteias.ufms.br\/files\/2026\/07\/Capes-Global-Edu.png\"\r\n              alt=\"CAPES Global\"\r\n            >\r\n          <\/a>\r\n\t\t\t\t\t\r\n\t\t\t\t\t <a\r\n            href=\"https:\/\/www.gov.br\/mec\/\"\r\n            target=\"_blank\"\r\n            rel=\"noopener noreferrer\"\r\n            aria-label=\"Site do Minist\u00e9rio da Educa\u00e7\u00e3o\"\r\n          >\r\n            <img decoding=\"async\"\r\n              src=\"https:\/\/redeteias.ufms.br\/files\/2026\/09\/assinatura-defeso-branca_Prancheta-1-e1788381013746.png\"\r\n              alt=\"Minist\u00e9rio da Educa\u00e7\u00e3o \u2014 MEC\"\r\n            >\r\n          <\/a>\r\n\r\n        <\/div>\r\n      <\/div>\r\n\r\n      <span class=\"th-eyebrow-label\">Rede TEIAS \u00b7 2026\u20132030<\/span>\r\n\r\n      <h1 id=\"teias-hero-title\">\r\n        Conhecimento que conecta\r\n        <em>pessoas, territ\u00f3rios e futuro.<\/em>\r\n      <\/h1>\r\n\r\n      <p class=\"th-hero-copy\">\r\n        Uma rede interinstitucional orientada \u00e0 internacionaliza\u00e7\u00e3o,\r\n        \u00e0 coopera\u00e7\u00e3o cient\u00edfica e \u00e0 constru\u00e7\u00e3o de solu\u00e7\u00f5es integradas\r\n        para desafios estrat\u00e9gicos da sustentabilidade.\r\n      <\/p>\r\n\r\n      <div class=\"th-actions\">\r\n\r\n        <a\r\n          class=\"th-btn th-btn-primary\"\r\n          href=\"#teias-instituicoes\"\r\n        >\r\n          Institui\u00e7\u00f5es da Rede\r\n        <\/a>\r\n\r\n        <a\r\n          class=\"th-btn th-btn-secondary\"\r\n          href=\"#teias-temas\"\r\n        >\r\n          Conhe\u00e7a os temas\r\n        <\/a>\r\n\r\n        <a\r\n          class=\"th-btn th-btn-secondary\"\r\n          href=\"https:\/\/redeteias.ufms.br\/noticias\/\"\r\n        >\r\n          Not\u00edcias\r\n        <\/a>\r\n\r\n      <\/div>\r\n\r\n    <\/div>\r\n\r\n  <\/section>\r\n\r\n\r\n  <section\r\n    class=\"th-section th-network\"\r\n    id=\"teias-instituicoes\"\r\n    aria-labelledby=\"teias-inst-title\"\r\n  >\r\n\r\n    <div class=\"th-wrap\">\r\n\r\n      <div style=\"padding-bottom: 96px;\">\r\n        <div class=\"pt-cv-wrapper\"><div class=\"pt-cv-view pt-cv-blockgrid iscvblock iscvhybrid grid1 layout1\" id=\"pt-cv-view-98d83c5w91\"><div data-id=\"pt-cv-page-1\" class=\"pt-cv-page\" data-cvc=\"4\"><div class=\" pt-cv-content-item pt-cv-1-col\" ><div class=\"pt-cv-thumb-wrapper  \"><a href=\"https:\/\/redeteias.ufms.br\/en\/pgrn-ufms-promove-palestra-sobre-el-nino-e-crise-climatica-com-apoio-da-rede-teias\/\" class=\"_blank pt-cv-href-thumbnail pt-cv-thumb-default\" target=\"_blank\" ><img fetchpriority=\"high\" decoding=\"async\" width=\"1080\" height=\"1080\" src=\"https:\/\/redeteias.ufms.br\/files\/2026\/08\/SaveClip.App_787507267_17947021788260704_5835322374745291728_n_1080.png\" class=\"pt-cv-thumbnail\" alt=\"\" srcset=\"https:\/\/redeteias.ufms.br\/files\/2026\/08\/SaveClip.App_787507267_17947021788260704_5835322374745291728_n_1080.png 1080w, https:\/\/redeteias.ufms.br\/files\/2026\/08\/SaveClip.App_787507267_17947021788260704_5835322374745291728_n_1080-300x300.png 300w, https:\/\/redeteias.ufms.br\/files\/2026\/08\/SaveClip.App_787507267_17947021788260704_5835322374745291728_n_1080-1024x1024.png 1024w, https:\/\/redeteias.ufms.br\/files\/2026\/08\/SaveClip.App_787507267_17947021788260704_5835322374745291728_n_1080-150x150.png 150w, https:\/\/redeteias.ufms.br\/files\/2026\/08\/SaveClip.App_787507267_17947021788260704_5835322374745291728_n_1080-768x768.png 768w\" sizes=\"(max-width: 1080px) 100vw, 1080px\" \/><\/a><\/div>\n<h4 class=\"pt-cv-title\"><a href=\"https:\/\/redeteias.ufms.br\/en\/pgrn-ufms-promove-palestra-sobre-el-nino-e-crise-climatica-com-apoio-da-rede-teias\/\" class=\"_blank\" target=\"_blank\" >(Portugu\u00eas do Brasil) PGRN\/UFMS promove palestra sobre El Ni\u00f1o e crise clim\u00e1tica com apoio da Rede TEIAS<\/a><\/h4>\n<div class=\"pt-cv-meta-fields\"><span class=\"entry-date\"> <time datetime=\"2026-08-31T08:49:02-04:00\">Monday August 31st, 2026<\/time><\/span><\/div><\/div>\n<div class=\" pt-cv-content-item pt-cv-1-col\" ><div class=\"pt-cv-thumb-wrapper  \"><a href=\"https:\/\/redeteias.ufms.br\/en\/marco-zero-rede-teias\/\" class=\"_blank pt-cv-href-thumbnail pt-cv-thumb-default\" target=\"_blank\" ><img decoding=\"async\" width=\"1774\" height=\"887\" src=\"https:\/\/redeteias.ufms.br\/files\/2026\/07\/logo-teias-sem-fundo.png\" class=\"pt-cv-thumbnail\" alt=\"\" srcset=\"https:\/\/redeteias.ufms.br\/files\/2026\/07\/logo-teias-sem-fundo.png 1774w, https:\/\/redeteias.ufms.br\/files\/2026\/07\/logo-teias-sem-fundo-300x150.png 300w, https:\/\/redeteias.ufms.br\/files\/2026\/07\/logo-teias-sem-fundo-1024x512.png 1024w, https:\/\/redeteias.ufms.br\/files\/2026\/07\/logo-teias-sem-fundo-768x384.png 768w, https:\/\/redeteias.ufms.br\/files\/2026\/07\/logo-teias-sem-fundo-1536x768.png 1536w\" sizes=\"(max-width: 1774px) 100vw, 1774px\" \/><\/a><\/div>\n<h4 class=\"pt-cv-title\"><a href=\"https:\/\/redeteias.ufms.br\/en\/marco-zero-rede-teias\/\" class=\"_blank\" target=\"_blank\" >(Portugu\u00eas do Brasil) UFMS realiza Marco Zero da Rede TEIAS para integrar programas de p\u00f3s-gradua\u00e7\u00e3o e fortalecer a\u00e7\u00f5es de internacionaliza\u00e7\u00e3o<\/a><\/h4>\n<div class=\"pt-cv-meta-fields\"><span class=\"entry-date\"> <time datetime=\"2026-08-11T15:30:14-04:00\">Tuesday August 11th, 2026<\/time><\/span><\/div><\/div><\/div><\/div><\/div>\t\t\t<style type=\"text\/css\" id=\"pt-cv-inline-style-8ca662fynv\">\n#pt-cv-view-98d83c5w91 .pt-cv-thumb-wrapper:not(.miniwrap) {  }#pt-cv-view-98d83c5w91 .pt-cv-thumbnail:not(.pt-cv-thumbnailsm) { height: 250px; }#pt-cv-view-98d83c5w91 > .pt-cv-page {grid-template-columns: repeat(4, 1fr);grid-gap: 6px;}\n@media all and (max-width: 1024px) { \n#pt-cv-view-98d83c5w91 > .pt-cv-page {grid-template-columns: repeat(1, 1fr);}\n} \n@media all and (max-width: 767px) { \n#pt-cv-view-98d83c5w91 > .pt-cv-page {grid-template-columns: repeat(1, 1fr);}\n} <\/style>\r\n\t\t\t\r\n      <\/div>\r\n\r\n      <div style=\"padding-bottom: 96px;\">\r\n        <div class=\"pt-cv-wrapper\"><div class=\"pt-cv-view pt-cv-scrollable pt-cv-colsys\" id=\"pt-cv-view-259812b3yz\"><div data-id=\"pt-cv-page-1\" class=\"pt-cv-page\" data-cvc=\"1\"><div id=\"852b747he8\" class=\"pt-cv-carousel pt-cv-slide\" data-ride=\"cvcarousel\" data-interval=false><ol class=\"pt-cv-carousel-indicators\"><li data-target=\"#852b747he8\" data-cvslide-to=\"0\" class=\"active\"><\/li>\n<li data-target=\"#852b747he8\" data-cvslide-to=\"1\" class=\"\"><\/li><\/ol>\n<div class=\"carousel-inner\"><div class=\"item active\"><div class=\"row\"><div class=\"col-md-12 pt-cv-content-item pt-cv-1-col\" ><a href=\"https:\/\/redeteias.ufms.br\/en\/pgrn-ufms-promove-palestra-sobre-el-nino-e-crise-climatica-com-apoio-da-rede-teias\/\" class=\"_self pt-cv-href-thumbnail pt-cv-thumb-default\" target=\"_self\" ><img fetchpriority=\"high\" decoding=\"async\" width=\"1080\" height=\"1080\" src=\"https:\/\/redeteias.ufms.br\/files\/2026\/08\/SaveClip.App_787507267_17947021788260704_5835322374745291728_n_1080.png\" class=\"pt-cv-thumbnail\" alt=\"\" srcset=\"https:\/\/redeteias.ufms.br\/files\/2026\/08\/SaveClip.App_787507267_17947021788260704_5835322374745291728_n_1080.png 1080w, https:\/\/redeteias.ufms.br\/files\/2026\/08\/SaveClip.App_787507267_17947021788260704_5835322374745291728_n_1080-300x300.png 300w, https:\/\/redeteias.ufms.br\/files\/2026\/08\/SaveClip.App_787507267_17947021788260704_5835322374745291728_n_1080-1024x1024.png 1024w, https:\/\/redeteias.ufms.br\/files\/2026\/08\/SaveClip.App_787507267_17947021788260704_5835322374745291728_n_1080-150x150.png 150w, https:\/\/redeteias.ufms.br\/files\/2026\/08\/SaveClip.App_787507267_17947021788260704_5835322374745291728_n_1080-768x768.png 768w\" sizes=\"(max-width: 1080px) 100vw, 1080px\" \/><\/a>\n<div class=\"pt-cv-carousel-caption pt-cv-cap-w-img\"><h4 class=\"pt-cv-title\"><a href=\"https:\/\/redeteias.ufms.br\/en\/pgrn-ufms-promove-palestra-sobre-el-nino-e-crise-climatica-com-apoio-da-rede-teias\/\" class=\"_self\" target=\"_self\" >(Portugu\u00eas do Brasil) PGRN\/UFMS promove palestra sobre El Ni\u00f1o e crise clim\u00e1tica com apoio da Rede TEIAS<\/a><\/h4>\n<div class=\"pt-cv-meta-fields\"><span class=\"entry-date\"> <time datetime=\"2026-08-31T08:49:02-04:00\">Monday August 31st, 2026<\/time><\/span><\/div><\/div><\/div><\/div><\/div>\n<div class=\"item\"><div class=\"row\"><div class=\"col-md-12 pt-cv-content-item pt-cv-1-col\" ><a href=\"https:\/\/redeteias.ufms.br\/en\/marco-zero-rede-teias\/\" class=\"_self pt-cv-href-thumbnail pt-cv-thumb-default\" target=\"_self\" ><img decoding=\"async\" width=\"1774\" height=\"887\" src=\"https:\/\/redeteias.ufms.br\/files\/2026\/07\/logo-teias-sem-fundo.png\" class=\"pt-cv-thumbnail\" alt=\"\" srcset=\"https:\/\/redeteias.ufms.br\/files\/2026\/07\/logo-teias-sem-fundo.png 1774w, https:\/\/redeteias.ufms.br\/files\/2026\/07\/logo-teias-sem-fundo-300x150.png 300w, https:\/\/redeteias.ufms.br\/files\/2026\/07\/logo-teias-sem-fundo-1024x512.png 1024w, https:\/\/redeteias.ufms.br\/files\/2026\/07\/logo-teias-sem-fundo-768x384.png 768w, https:\/\/redeteias.ufms.br\/files\/2026\/07\/logo-teias-sem-fundo-1536x768.png 1536w\" sizes=\"(max-width: 1774px) 100vw, 1774px\" \/><\/a>\n<div class=\"pt-cv-carousel-caption pt-cv-cap-w-img\"><h4 class=\"pt-cv-title\"><a href=\"https:\/\/redeteias.ufms.br\/en\/marco-zero-rede-teias\/\" class=\"_self\" target=\"_self\" >(Portugu\u00eas do Brasil) UFMS realiza Marco Zero da Rede TEIAS para integrar programas de p\u00f3s-gradua\u00e7\u00e3o e fortalecer a\u00e7\u00f5es de internacionaliza\u00e7\u00e3o<\/a><\/h4>\n<div class=\"pt-cv-meta-fields\"><span class=\"entry-date\"> <time datetime=\"2026-08-11T15:30:14-04:00\">Tuesday August 11th, 2026<\/time><\/span><\/div><\/div><\/div><\/div><\/div><\/div>\n<a class=\"left carousel-control\" data-target=\"#852b747he8\" data-cvslide=\"prev\">\r\n\t\t\t\t\t\t<span class=\"glyphicon glyphicon-chevron-left\"><\/span>\r\n\t\t\t\t\t<\/a>\r\n\t\t\t\t\t<a class=\"right carousel-control\" data-target=\"#852b747he8\" data-cvslide=\"next\">\r\n\t\t\t\t\t\t<span class=\"glyphicon glyphicon-chevron-right\"><\/span>\r\n\t\t\t\t\t<\/a><\/div><\/div><\/div><\/div>\r\n      <\/div>\r\n\r\n      <div class=\"th-section-head th-network-copy\">\r\n\r\n        <span class=\"th-eyebrow-label\">\r\n          Coopera\u00e7\u00e3o interinstitucional\r\n        <\/span>\r\n\r\n        <h2 id=\"teias-inst-title\">\r\n          Uma rede constru\u00edda por institui\u00e7\u00f5es de diferentes regi\u00f5es do Brasil.\r\n        <\/h2>\r\n\r\n        <p>\r\n          A <strong>UFMS<\/strong> atua como institui\u00e7\u00e3o coordenadora,\r\n          em coopera\u00e7\u00e3o com <strong>UFAM, UFPB e UEM<\/strong>\r\n          como institui\u00e7\u00f5es associadas. A estrutura conecta compet\u00eancias\r\n          acad\u00eamicas, territ\u00f3rios e experi\u00eancias complementares.\r\n        <\/p>\r\n\r\n      <\/div>\r\n\r\n\r\n      <div class=\"th-thread\">\r\n\r\n        <div\r\n          class=\"th-thread-line\"\r\n          aria-hidden=\"true\"\r\n        ><\/div>\r\n\r\n\r\n        <div class=\"th-inst-grid\">\r\n\r\n          <a\r\n            class=\"th-inst th-inst-coord\"\r\n            href=\"https:\/\/www.ufms.br\/\"\r\n            target=\"_blank\"\r\n            rel=\"noopener noreferrer\"\r\n          >\r\n\r\n            <span\r\n              class=\"th-inst-node\"\r\n              aria-hidden=\"true\"\r\n            ><\/span>\r\n\r\n            <span class=\"th-inst-tag\">\r\n              IES Coordenadora\r\n            <\/span>\r\n\r\n            <div class=\"th-inst-logo-wrap\">\r\n\r\n              <img decoding=\"async\"\r\n                class=\"th-inst-logo\"\r\n                src=\"https:\/\/redeteias.ufms.br\/files\/2026\/08\/logo-ufms.png\"\r\n                alt=\"Logomarca da UFMS\"\r\n              >\r\n\r\n            <\/div>\r\n\r\n            <div class=\"th-inst-meta\">\r\n\r\n              <strong>UFMS<\/strong>\r\n\r\n              <small>\r\n                Universidade Federal de Mato Grosso do Sul\r\n              <\/small>\r\n\r\n            <\/div>\r\n\r\n          <\/a>\r\n\r\n\r\n          <a\r\n            class=\"th-inst\"\r\n            href=\"https:\/\/www.ufam.edu.br\/\"\r\n            target=\"_blank\"\r\n            rel=\"noopener noreferrer\"\r\n          >\r\n\r\n            <span\r\n              class=\"th-inst-node\"\r\n              aria-hidden=\"true\"\r\n            ><\/span>\r\n\r\n            <span class=\"th-inst-tag\">\r\n              IES Associada\r\n            <\/span>\r\n\r\n            <div class=\"th-inst-logo-wrap\">\r\n\r\n              <img decoding=\"async\"\r\n                class=\"th-inst-logo\"\r\n                src=\"https:\/\/redeteias.ufms.br\/files\/2026\/07\/Brasao_ufam_2011.jpg\"\r\n                alt=\"Marca da UFAM\"\r\n              >\r\n\r\n            <\/div>\r\n\r\n            <div class=\"th-inst-meta\">\r\n\r\n              <strong>UFAM<\/strong>\r\n\r\n              <small>\r\n                Universidade Federal do Amazonas\r\n              <\/small>\r\n\r\n            <\/div>\r\n\r\n          <\/a>\r\n\r\n\r\n          <a\r\n            class=\"th-inst\"\r\n            href=\"https:\/\/www.ufpb.br\/\"\r\n            target=\"_blank\"\r\n            rel=\"noopener noreferrer\"\r\n          >\r\n\r\n            <span\r\n              class=\"th-inst-node\"\r\n              aria-hidden=\"true\"\r\n            ><\/span>\r\n\r\n            <span class=\"th-inst-tag\">\r\n              IES Associada\r\n            <\/span>\r\n\r\n            <div class=\"th-inst-logo-wrap\">\r\n\r\n              <img decoding=\"async\"\r\n                class=\"th-inst-logo\"\r\n                src=\"https:\/\/redeteias.ufms.br\/files\/2026\/08\/logo-ufpb.png\"\r\n                alt=\"Bras\u00e3o da UFPB\"\r\n              >\r\n\r\n            <\/div>\r\n\r\n            <div class=\"th-inst-meta\">\r\n\r\n              <strong>UFPB<\/strong>\r\n\r\n              <small>\r\n                Universidade Federal da Para\u00edba\r\n              <\/small>\r\n\r\n            <\/div>\r\n\r\n          <\/a>\r\n\r\n\r\n          <a\r\n            class=\"th-inst\"\r\n            href=\"https:\/\/www.uem.br\/\"\r\n            target=\"_blank\"\r\n            rel=\"noopener noreferrer\"\r\n          >\r\n\r\n            <span\r\n              class=\"th-inst-node\"\r\n              aria-hidden=\"true\"\r\n            ><\/span>\r\n\r\n            <span class=\"th-inst-tag\">\r\n              IES Associada\r\n            <\/span>\r\n\r\n            <div class=\"th-inst-logo-wrap\">\r\n\r\n              <img decoding=\"async\"\r\n                class=\"th-inst-logo\"\r\n                src=\"https:\/\/redeteias.ufms.br\/files\/2026\/08\/logo-uem.png\"\r\n                alt=\"Logomarca da UEM\"\r\n              >\r\n\r\n            <\/div>\r\n\r\n            <div class=\"th-inst-meta\">\r\n\r\n              <strong>UEM<\/strong>\r\n\r\n              <small>\r\n                Universidade Estadual de Maring\u00e1\r\n              <\/small>\r\n\r\n            <\/div>\r\n\r\n          <\/a>\r\n\r\n        <\/div>\r\n      <\/div>\r\n\r\n    <\/div>\r\n  <\/section>\r\n\r\n\r\n  <section\r\n    class=\"th-section th-themes\"\r\n    id=\"teias-temas\"\r\n    aria-labelledby=\"teias-temas-title\"\r\n  >\r\n\r\n    <div class=\"th-wrap\">\r\n\r\n      <div class=\"th-section-head\">\r\n\r\n        <span class=\"th-eyebrow-label\">\r\n          Eixos estrat\u00e9gicos\r\n        <\/span>\r\n\r\n        <h2 id=\"teias-temas-title\">\r\n          Quatro temas. Uma agenda integrada.\r\n        <\/h2>\r\n\r\n        <p>\r\n          A Rede TEIAS articula diferentes \u00e1reas do conhecimento em quatro\r\n          frentes complementares, conectadas por uma vis\u00e3o comum\r\n          de sustentabilidade e transforma\u00e7\u00e3o.\r\n        <\/p>\r\n\r\n      <\/div>\r\n\r\n\r\n      <div class=\"th-theme-list\">\r\n\r\n        <a\r\n          class=\"th-theme-row\"\r\n          href=\"https:\/\/redeteias.ufms.br\/temas\/biodiversidade-e-transicoes-socioecologicas\/\"\r\n          aria-label=\"Biodiversidade e Transi\u00e7\u00f5es Socioecol\u00f3gicas\"\r\n        >\r\n\r\n          <img decoding=\"async\"\r\n            src=\"https:\/\/redeteias.ufms.br\/files\/2026\/07\/bio.png\"\r\n            alt=\"Rede TEIAS \u2014 Biodiversidade e Transi\u00e7\u00f5es Socioecol\u00f3gicas\"\r\n          >\r\n\r\n          <span class=\"th-theme-copy\">\r\n\r\n            <span class=\"th-theme-num\">\r\n              Eixo 01\r\n            <\/span>\r\n\r\n            <p>\r\n              Conserva\u00e7\u00e3o da biodiversidade e transi\u00e7\u00f5es socioecol\u00f3gicas\r\n              em territ\u00f3rios estrat\u00e9gicos.\r\n            <\/p>\r\n\r\n            <span class=\"th-theme-link\">\r\n              Saiba mais \u2192\r\n            <\/span>\r\n\r\n          <\/span>\r\n\r\n        <\/a>\r\n\r\n\r\n        <a\r\n          class=\"th-theme-row\"\r\n          href=\"https:\/\/redeteias.ufms.br\/temas\/mudancas-climaticas-e-transicao-energetica\/\"\r\n          aria-label=\"Mudan\u00e7as Clim\u00e1ticas e Transi\u00e7\u00e3o Energ\u00e9tica\"\r\n        >\r\n\r\n          <img decoding=\"async\"\r\n            src=\"https:\/\/redeteias.ufms.br\/files\/2026\/07\/mudancas-climaticas.png\"\r\n            alt=\"Rede TEIAS \u2014 Mudan\u00e7as Clim\u00e1ticas e Transi\u00e7\u00e3o Energ\u00e9tica\"\r\n          >\r\n\r\n          <span class=\"th-theme-copy\">\r\n\r\n            <span class=\"th-theme-num\">\r\n              Eixo 02\r\n            <\/span>\r\n\r\n            <p>\r\n              Respostas cient\u00edficas \u00e0s mudan\u00e7as clim\u00e1ticas e caminhos\r\n              para a transi\u00e7\u00e3o energ\u00e9tica.\r\n            <\/p>\r\n\r\n            <span class=\"th-theme-link\">\r\n              Saiba mais \u2192\r\n            <\/span>\r\n\r\n          <\/span>\r\n\r\n        <\/a>\r\n\r\n\r\n        <a\r\n          class=\"th-theme-row\"\r\n          href=\"https:\/\/redeteias.ufms.br\/temas\/seguranca-alimentar-e-hidrica\/\"\r\n          aria-label=\"Seguran\u00e7a Alimentar e H\u00eddrica\"\r\n        >\r\n\r\n          <img decoding=\"async\"\r\n            src=\"https:\/\/redeteias.ufms.br\/files\/2026\/08\/seg-3.png\"\r\n            alt=\"Rede TEIAS \u2014 Seguran\u00e7a Alimentar e H\u00eddrica\"\r\n          >\r\n\r\n          <span class=\"th-theme-copy\">\r\n\r\n            <span class=\"th-theme-num\">\r\n              Eixo 03\r\n            <\/span>\r\n\r\n            <p>\r\n              Seguran\u00e7a alimentar e h\u00eddrica como base para\r\n              o desenvolvimento sustent\u00e1vel.\r\n            <\/p>\r\n\r\n            <span class=\"th-theme-link\">\r\n              Saiba mais \u2192\r\n            <\/span>\r\n\r\n          <\/span>\r\n\r\n        <\/a>\r\n\r\n\r\n        <a\r\n          class=\"th-theme-row\"\r\n          href=\"https:\/\/redeteias.ufms.br\/temas\/humanidades-saberes-tradicionais-e-tecnologias-sociais\/\"\r\n          aria-label=\"Humanidades, Saberes Tradicionais e Tecnologias Sociais\"\r\n        >\r\n\r\n          <img decoding=\"async\"\r\n            src=\"https:\/\/redeteias.ufms.br\/files\/2026\/07\/humanidades.png\"\r\n            alt=\"Rede TEIAS \u2014 Humanidades, Saberes Tradicionais e Tecnologias Sociais\"\r\n          >\r\n\r\n          <span class=\"th-theme-copy\">\r\n\r\n            <span class=\"th-theme-num\">\r\n              Eixo 04\r\n            <\/span>\r\n\r\n            <p>\r\n              Humanidades, saberes tradicionais e tecnologias sociais\r\n              a servi\u00e7o dos territ\u00f3rios.\r\n            <\/p>\r\n\r\n            <span class=\"th-theme-link\">\r\n              Saiba mais \u2192\r\n            <\/span>\r\n\r\n          <\/span>\r\n\r\n        <\/a>\r\n\r\n      <\/div>\r\n    <\/div>\r\n  <\/section>\r\n\r\n\r\n  <section class=\"th-cta\">\r\n\r\n    <div class=\"th-wrap th-cta-inner\">\r\n\r\n      <div>\r\n\r\n        <h2>\r\n          Transforma\u00e7\u00e3o acontece quando o conhecimento se conecta.\r\n        <\/h2>\r\n\r\n        <p>\r\n          Explore os temas e conhe\u00e7a a atua\u00e7\u00e3o integrada da Rede TEIAS.\r\n        <\/p>\r\n\r\n      <\/div>\r\n\r\n\r\n      <a\r\n        class=\"th-btn th-btn-primary\"\r\n        href=\"https:\/\/redeteias.ufms.br\/temas\/\"\r\n      >\r\n        Explorar a Rede\r\n      <\/a>\r\n\r\n    <\/div>\r\n\r\n  <\/section>\r\n\r\n<\/div>\n<!-- \/end HFCM by 99 Robots -->\n<\/div>\n\t\t\t\t\t\t<\/div>\n\t\t\t\t<\/div>\n\t\t\t\t\t<\/div>\n\t\t\t\t<\/div>\n\t\t\t\t<\/div>\n\t\t","protected":false},"excerpt":{"rendered":"","protected":false},"author":80183,"featured_media":0,"parent":0,"menu_order":0,"comment_status":"closed","ping_status":"closed","template":"elementor_header_footer","meta":{"footnotes":""},"coauthors":[2],"class_list":["post-6","page","type-page","status-publish","hentry"],"_links":{"self":[{"href":"https:\/\/redeteias.ufms.br\/en\/wp-json\/wp\/v2\/pages\/6","targetHints":{"allow":["GET"]}}],"collection":[{"href":"https:\/\/redeteias.ufms.br\/en\/wp-json\/wp\/v2\/pages"}],"about":[{"href":"https:\/\/redeteias.ufms.br\/en\/wp-json\/wp\/v2\/types\/page"}],"author":[{"embeddable":true,"href":"https:\/\/redeteias.ufms.br\/en\/wp-json\/wp\/v2\/users\/80183"}],"replies":[{"embeddable":true,"href":"https:\/\/redeteias.ufms.br\/en\/wp-json\/wp\/v2\/comments?post=6"}],"version-history":[{"count":6,"href":"https:\/\/redeteias.ufms.br\/en\/wp-json\/wp\/v2\/pages\/6\/revisions"}],"predecessor-version":[{"id":437,"href":"https:\/\/redeteias.ufms.br\/en\/wp-json\/wp\/v2\/pages\/6\/revisions\/437"}],"wp:attachment":[{"href":"https:\/\/redeteias.ufms.br\/en\/wp-json\/wp\/v2\/media?parent=6"}],"wp:term":[{"taxonomy":"author","embeddable":true,"href":"https:\/\/redeteias.ufms.br\/en\/wp-json\/wp\/v2\/coauthors?post=6"}],"curies":[{"name":"wp","href":"https:\/\/api.w.org\/{rel}","templated":true}]}}